

{"id":135,"date":"2022-07-17T03:22:18","date_gmt":"2022-07-17T03:22:18","guid":{"rendered":"http:\/\/192.168.3.86\/?page_id=135"},"modified":"2023-01-13T21:55:57","modified_gmt":"2023-01-13T21:55:57","slug":"sustituciones","status":"publish","type":"page","link":"https:\/\/sistemaselec.ieem.org.mx\/vocalias2023\/","title":{"rendered":"Sustituciones"},"content":{"rendered":"\n<h2 class=\"wp-block-heading\">SUSTITUCIONES<\/h2>\n\n\n\n<div class=\"wp-block-columns is-layout-flex wp-container-core-columns-is-layout-9d6595d7 wp-block-columns-is-layout-flex\">\n<div class=\"wp-block-column generales-lista is-layout-flow wp-block-column-is-layout-flow\"><div id=\"sp-ea-694\" class=\"sp-ea-one sp-easy-accordion\" data-ex-icon=\"fa-minus\" data-col-icon=\"fa-plus\"  data-ea-active=\"ea-click\"  data-ea-mode=\"vertical\" data-preloader=\"\"><div class=\"ea-card ea-expand sp-ea-single\"><h3 class=\"ea-header\"><a class=\"collapsed\" data-sptoggle=\"spcollapse\" data-sptarget=#collapse6940 href=\"javascript:void(0)\" aria-expanded=\"true\"><i class=\"ea-expand-icon fa fa-minus\"><\/i> Sustituciones 18-05-23<\/a><\/h3><div class=\"sp-collapse spcollapse collapsed show\" id=\"collapse6940\" data-parent=#sp-ea-694><div class=\"ea-body\"><p><a href=\"https:\/\/sistemaselec.ieem.org.mx\/vocalias2023\/wp-content\/uploads\/Publicacion_sustitucio\u0301n_CEVOD7.pdf\" target=\"_blank\" rel=\"noopener\">Sustituci\u00f3n de vocal\u00eda distrital que se deriva del Acuerdo IEEM\/CEVOD\/7\/2023 aprobado en la Octava Sesi\u00f3n Extraordinaria de la Comisi\u00f3n Especial de Vinculaci\u00f3n con \u00d3rganos Desconcentrados del IEEM, celebrada el 18 de mayo de 2023.<\/a><\/p>\n<\/div><\/div><\/div><div class=\"ea-card  sp-ea-single\"><h3 class=\"ea-header\"><a class=\"collapsed\" data-sptoggle=\"spcollapse\" data-sptarget=#collapse6941 href=\"javascript:void(0)\" aria-expanded=\"false\"><i class=\"ea-expand-icon fa fa-plus\"><\/i> Sustituci\u00f3n 12-05-23 <\/a><\/h3><div class=\"sp-collapse spcollapse \" id=\"collapse6941\" data-parent=#sp-ea-694><div class=\"ea-body\"><p><a href=\"https:\/\/sistemaselec.ieem.org.mx\/vocalias2023\/wp-content\/uploads\/Publicacion_sustituciones_CG72.pdf\">Sustituci\u00f3n de vocal\u00edas distritales que se derivan del Acuerdo IEEM\/CG\/72\/2023 aprobado en la D\u00e9cima Quinta Sesi\u00f3n Extraordinaria del Consejo General, celebrada el 12 de mayo de 2023.<\/a><\/p>\n<\/div><\/div><\/div><div class=\"ea-card  sp-ea-single\"><h3 class=\"ea-header\"><a class=\"collapsed\" data-sptoggle=\"spcollapse\" data-sptarget=#collapse6942 href=\"javascript:void(0)\" aria-expanded=\"false\"><i class=\"ea-expand-icon fa fa-plus\"><\/i> Sustituci\u00f3n 25-04-23 <\/a><\/h3><div class=\"sp-collapse spcollapse \" id=\"collapse6942\" data-parent=#sp-ea-694><div class=\"ea-body\"><p><a href=\"https:\/\/sistemaselec.ieem.org.mx\/vocalias2023\/wp-content\/uploads\/sustituciones_CG58.pdf\">Sustituci\u00f3n de vocal\u00edas distritales que se derivan del Acuerdo IEEM\/CG\/58\/2023 aprobado en la Cuarta Sesi\u00f3n Ordinaria del Consejo General, celebrada el 25 de abril de 2023.<\/a><\/p>\n<\/div><\/div><\/div><div class=\"ea-card  sp-ea-single\"><h3 class=\"ea-header\"><a class=\"collapsed\" data-sptoggle=\"spcollapse\" data-sptarget=#collapse6943 href=\"javascript:void(0)\" aria-expanded=\"false\"><i class=\"ea-expand-icon fa fa-plus\"><\/i> Sustituci\u00f3n 28-03-23 <\/a><\/h3><div class=\"sp-collapse spcollapse \" id=\"collapse6943\" data-parent=#sp-ea-694><div class=\"ea-body\"><p><a href=\"https:\/\/sistemaselec.ieem.org.mx\/vocalias2023\/wp-content\/uploads\/Publicacion_sustituciones_CG49.pdf\">Sustituci\u00f3n de vocal\u00edas distritales que se derivan del Acuerdo IEEM\/CG\/49\/2023 aprobado en la D\u00e9cima Sesi\u00f3n Extraordinaria del Consejo General, celebrada el 28 de marzo de 2023.<\/a><\/p>\n<\/div><\/div><\/div><div class=\"ea-card  sp-ea-single\"><h3 class=\"ea-header\"><a class=\"collapsed\" data-sptoggle=\"spcollapse\" data-sptarget=#collapse6944 href=\"javascript:void(0)\" aria-expanded=\"false\"><i class=\"ea-expand-icon fa fa-plus\"><\/i> \u00ad Sustituci\u00f3n 21-03-23 <\/a><\/h3><div class=\"sp-collapse spcollapse \" id=\"collapse6944\" data-parent=#sp-ea-694><div class=\"ea-body\"><p><a href=\"\/wp-content\/docs_vocales\/Publicacion_sustitucion_CG44.pdf\">Sustituci\u00f3n de vocal\u00eda distrital que se deriva del Acuerdo IEEM\/CG\/44\/2023 aprobado en la Novena Sesi\u00f3n Extraordinaria del Consejo General, celebrada el 21 de marzo de 2023.<\/a><\/p>\n<\/div><\/div><\/div><div class=\"ea-card  sp-ea-single\"><h3 class=\"ea-header\"><a class=\"collapsed\" data-sptoggle=\"spcollapse\" data-sptarget=#collapse6945 href=\"javascript:void(0)\" aria-expanded=\"false\"><i class=\"ea-expand-icon fa fa-plus\"><\/i> \u00ad Sustituciones 14-03-23 <\/a><\/h3><div class=\"sp-collapse spcollapse \" id=\"collapse6945\" data-parent=#sp-ea-694><div class=\"ea-body\"><p><a href=\"\/wp-content\/docs_vocales\/Publicacion_sustituciones_CG40.pdf\">Sustituci\u00f3n de vocal\u00edas distritales que se derivan del Acuerdo IEEM\/CG\/40\/2023 aprobado en la Tercera Sesi\u00f3n Ordinaria del Consejo General, celebrada el 14 de marzo de 2023.<\/a><\/p>\n<\/div><\/div><\/div><div class=\"ea-card  sp-ea-single\"><h3 class=\"ea-header\"><a class=\"collapsed\" data-sptoggle=\"spcollapse\" data-sptarget=#collapse6946 href=\"javascript:void(0)\" aria-expanded=\"false\"><i class=\"ea-expand-icon fa fa-plus\"><\/i> Sustituciones 22-02-23<\/a><\/h3><div class=\"sp-collapse spcollapse \" id=\"collapse6946\" data-parent=#sp-ea-694><div class=\"ea-body\"><ul>\n<li><a href=\"https:\/\/sistemaselec.ieem.org.mx\/vocalias2023\/wp-content\/uploads\/Publicacion_sustitucion_CG31.pdf\">Sustituci\u00f3n de vocal\u00eda distrital que se deriva del Acuerdo IEEM\/CG\/31\/2023 aprobado en la Sexta Sesi\u00f3n Especial del Consejo General, celebrada el 22 de febrero de 2023.<\/a><\/li>\n<\/ul>\n<\/div><\/div><\/div><div class=\"ea-card  sp-ea-single\"><h3 class=\"ea-header\"><a class=\"collapsed\" data-sptoggle=\"spcollapse\" data-sptarget=#collapse6947 href=\"javascript:void(0)\" aria-expanded=\"false\"><i class=\"ea-expand-icon fa fa-plus\"><\/i> Sustituciones 09-02-23<\/a><\/h3><div class=\"sp-collapse spcollapse \" id=\"collapse6947\" data-parent=#sp-ea-694><div class=\"ea-body\"><ul>\n<li><a href=\"https:\/\/sistemaselec.ieem.org.mx\/vocalias2023\/wp-content\/uploads\/Publicacion_sustituciones_CG24.pdf\">Sustituci\u00f3n de vocal\u00edas distritales que se derivan del Acuerdo IEEM\/CG\/24\/2023 aprobado en la Quinta Sesi\u00f3n Extraordinaria del Consejo General, celebrada el 9 de febrero de 2023.<\/a><\/li>\n<\/ul>\n<\/div><\/div><\/div><div class=\"ea-card  sp-ea-single\"><h3 class=\"ea-header\"><a class=\"collapsed\" data-sptoggle=\"spcollapse\" data-sptarget=#collapse6948 href=\"javascript:void(0)\" aria-expanded=\"false\"><i class=\"ea-expand-icon fa fa-plus\"><\/i> Sustituciones 31-01-23<\/a><\/h3><div class=\"sp-collapse spcollapse \" id=\"collapse6948\" data-parent=#sp-ea-694><div class=\"ea-body\"><ul>\n<li><a href=\"https:\/\/sistemaselec.ieem.org.mx\/vocalias2023\/wp-content\/uploads\/Publicacion_sustituciones_CG15.pdf\">Sustituci\u00f3n de vocal\u00edas distritales que se derivan del Acuerdo IEEM\/CG\/15\/2023 aprobado en la Tercera Sesi\u00f3n Extraordinaria del Consejo General, celebrada el 31 de enero de 2023.<\/a><\/li>\n<\/ul>\n<\/div><\/div><\/div><div class=\"ea-card  sp-ea-single\"><h3 class=\"ea-header\"><a class=\"collapsed\" data-sptoggle=\"spcollapse\" data-sptarget=#collapse6949 href=\"javascript:void(0)\" aria-expanded=\"false\"><i class=\"ea-expand-icon fa fa-plus\"><\/i> \u00ad Sustituci\u00f3n 23-01-23<\/a><\/h3><div class=\"sp-collapse spcollapse \" id=\"collapse6949\" data-parent=#sp-ea-694><div class=\"ea-body\"><ul>\n<li><a href=\"https:\/\/sistemaselec.ieem.org.mx\/vocalias2023\/wp-content\/uploads\/Publicacion_sustituciones_CG11.pdf\" target=\"_blank\" rel=\"noopener\">Sustituci\u00f3n de vocal\u00eda distrital que se deriva del Acuerdo IEEM\/CG\/11\/2023 aprobado en la Primera Sesi\u00f3n Ordinaria del Consejo General, celebrada el 23 de enero de 2023.<\/a><\/li>\n<\/ul>\n<\/div><\/div><\/div><div class=\"ea-card  sp-ea-single\"><h3 class=\"ea-header\"><a class=\"collapsed\" data-sptoggle=\"spcollapse\" data-sptarget=#collapse69410 href=\"javascript:void(0)\" aria-expanded=\"false\"><i class=\"ea-expand-icon fa fa-plus\"><\/i> Sustituciones 12-01-23<\/a><\/h3><div class=\"sp-collapse spcollapse \" id=\"collapse69410\" data-parent=#sp-ea-694><div class=\"ea-body\"><ul>\n<li><a href=\"https:\/\/sistemaselec.ieem.org.mx\/vocalias2023\/wp-content\/docs_vocales\/Publicacion_sustituciones_CG09.pdf\" target=\"_blank\" rel=\"noopener\">Sustituci\u00f3n de vocal\u00edas distritales que se derivan del Acuerdo IEEM\/CG\/09\/2023 aprobado en la Segunda Sesi\u00f3n Especial del Consejo General, celebrada el 12 de enero de 2023.<\/a><\/li>\n<\/ul>\n<\/div><\/div><\/div><\/div>\n<\/div>\n<\/div>\n","protected":false},"excerpt":{"rendered":"<p>SUSTITUCIONES<\/p>\n","protected":false},"author":1,"featured_media":0,"parent":0,"menu_order":0,"comment_status":"closed","ping_status":"open","template":"","meta":{"footnotes":""},"class_list":["post-135","page","type-page","status-publish","hentry"],"_links":{"self":[{"href":"https:\/\/sistemaselec.ieem.org.mx\/vocalias2023\/wp-json\/wp\/v2\/pages\/135","targetHints":{"allow":["GET"]}}],"collection":[{"href":"https:\/\/sistemaselec.ieem.org.mx\/vocalias2023\/wp-json\/wp\/v2\/pages"}],"about":[{"href":"https:\/\/sistemaselec.ieem.org.mx\/vocalias2023\/wp-json\/wp\/v2\/types\/page"}],"author":[{"embeddable":true,"href":"https:\/\/sistemaselec.ieem.org.mx\/vocalias2023\/wp-json\/wp\/v2\/users\/1"}],"replies":[{"embeddable":true,"href":"https:\/\/sistemaselec.ieem.org.mx\/vocalias2023\/wp-json\/wp\/v2\/comments?post=135"}],"version-history":[{"count":4,"href":"https:\/\/sistemaselec.ieem.org.mx\/vocalias2023\/wp-json\/wp\/v2\/pages\/135\/revisions"}],"predecessor-version":[{"id":695,"href":"https:\/\/sistemaselec.ieem.org.mx\/vocalias2023\/wp-json\/wp\/v2\/pages\/135\/revisions\/695"}],"wp:attachment":[{"href":"https:\/\/sistemaselec.ieem.org.mx\/vocalias2023\/wp-json\/wp\/v2\/media?parent=135"}],"curies":[{"name":"wp","href":"https:\/\/api.w.org\/{rel}","templated":true}]}}