

{"id":16,"date":"2022-09-29T17:03:11","date_gmt":"2022-09-29T17:03:11","guid":{"rendered":"https:\/\/10.10.3.106\/candidatura-independiente\/?page_id=16"},"modified":"2023-01-09T22:48:23","modified_gmt":"2023-01-09T22:48:23","slug":"proceso-de-seleccion","status":"publish","type":"page","link":"https:\/\/sistemaselec.ieem.org.mx\/candidatura-independiente\/","title":{"rendered":"Proceso de Selecci\u00f3n"},"content":{"rendered":"\n<h2 class=\"wp-block-heading\">Proceso de Selecci\u00f3n<\/h2>\n\n\n\n<div class=\"wp-block-columns is-layout-flex wp-container-core-columns-is-layout-9d6595d7 wp-block-columns-is-layout-flex\">\n<div class=\"wp-block-column is-layout-flow wp-block-column-is-layout-flow\">\n<!--ul class=\"contenedor__botonera-general\">\n<li class=\"has-text-align-center btn general proceso-de-seleccion\"><a href=\"proceso-de-seleccion\/\">Escritos de Manifestaci\u00f3n de Intenci\u00f3n (EMI)<\/a><\/li>\n<li class=\"has-text-align-center btn general personal-aspirantes\"><a href=\"personal-aspirantes\/\">Personas Aspirantes<\/a><\/li>\n<li class=\"has-text-align-center btn general registradas\"><a href=\"candidaturas-independientes-registradas\/\">Candidaturas Independientes Registradas<\/a><\/li>\n<li class=\"has-text-align-center btn general renuncias\"><a href=\"renuncias\/\">Renuncias <\/a><\/li>\n<li class=\"has-text-align-center btn general avisos-de-privacidad\"><a href=\"avisos-de-privacidad\/\">Avisos de Privacidad de las y los Aspirantes a una Candidatura Independiente<\/a><\/li>\n<\/ul-->\n<\/div>\n<\/div>\n\n\n\n<p><\/p>\n\n\n\n<p><\/p>\n\n\n\n<h3 class=\"wp-block-heading\">Listado de personas que obtuvieron la calidad de aspirantes a una candidatura independiente en la Elecci\u00f3n de Gubernatura 2023 <\/h3>\n\n\n\n<div class=\"wp-block-columns is-layout-flex wp-container-core-columns-is-layout-9d6595d7 wp-block-columns-is-layout-flex\">\n<div class=\"wp-block-column is-layout-flow wp-block-column-is-layout-flow\">\n<table id=\"tablepress-6\" class=\"tablepress tablepress-id-6\">\n<thead>\n<tr class=\"row-1 odd\">\n\t<th class=\"column-1\">No.<\/th><th class=\"column-2\">Nombre del Aspirante<\/th><th class=\"column-3\">Acuerdo del CG<\/th><th class=\"column-4\">Fecha de Aprobaci\u00f3n<\/th><th class=\"column-5\">Aviso de Privacidad<\/th>\n<\/tr>\n<\/thead>\n<tbody class=\"row-hover\">\n<tr class=\"row-2 even\">\n\t<td class=\"column-1\">1<\/td><td class=\"column-2\">Mar\u00eda del Rosario Mendoza G\u00f3mez<\/td><td class=\"column-3\"><a href=\"https:\/\/www.ieem.org.mx\/consejo_general\/cg\/2022\/AC_22\/a081_22.pdf\" rel=\"noopener\" target=\"_blank\">IEEM\/CG\/81\/2022<\/a><\/td><td class=\"column-4\">14\/12\/22<\/td><td class=\"column-5\"><a href=\"https:\/\/10.10.3.106\/candidatura-independiente\/wp-content\/uploads\/2022\/12\/1_Maria_del_Rosario_Mendoza_Gomez.pdf\" rel=\"noopener\" target=\"_blank\"><img loading=\"lazy\" decoding=\"async\" src=\"https:\/\/10.10.3.106\/candidatura-independiente\/wp-content\/uploads\/2022\/09\/pdf.png\" alt=\"Descargar el Escrito de manistaci\u00f3n de intenci\u00f3n de ...\" width=\"128\" height=\"128\" class=\"alignnone size-full wp-image-145\" \/><\/a><\/td>\n<\/tr>\n<tr class=\"row-3 odd\">\n\t<td class=\"column-1\">2<\/td><td class=\"column-2\">Jes\u00fas Iv\u00e1n Pinto Medina<\/td><td class=\"column-3\"><a href=\"https:\/\/www.ieem.org.mx\/consejo_general\/cg\/2022\/AC_22\/a081_22.pdf\" rel=\"noopener\" target=\"_blank\">IEEM\/CG\/81\/2022<\/a><\/td><td class=\"column-4\">14\/12\/22<\/td><td class=\"column-5\"><a href=\"https:\/\/10.10.3.106\/candidatura-independiente\/wp-content\/uploads\/2022\/12\/2_Jesus_Ivan_Pinto_Medina.pdf\" rel=\"noopener\" target=\"_blank\"><img loading=\"lazy\" decoding=\"async\" src=\"https:\/\/10.10.3.106\/candidatura-independiente\/wp-content\/uploads\/2022\/09\/pdf.png\" alt=\"Descargar el Escrito de manistaci\u00f3n de intenci\u00f3n de ...\" width=\"128\" height=\"128\" class=\"alignnone size-full wp-image-145\" \/><\/a><\/td>\n<\/tr>\n<tr class=\"row-4 even\">\n\t<td class=\"column-1\">3<\/td><td class=\"column-2\">Abelardo Gorostieta Uribe<\/td><td class=\"column-3\"><a href=\"https:\/\/www.ieem.org.mx\/consejo_general\/cg\/2022\/AC_22\/a081_22.pdf\" rel=\"noopener\" target=\"_blank\">IEEM\/CG\/81\/2022<\/a><\/td><td class=\"column-4\">14\/12\/22<\/td><td class=\"column-5\"><a href=\"https:\/\/10.10.3.106\/candidatura-independiente\/wp-content\/uploads\/2022\/12\/3_Abelardo_Gorostieta_Uribe.pdf\" rel=\"noopener\" target=\"_blank\"><img loading=\"lazy\" decoding=\"async\" src=\"https:\/\/10.10.3.106\/candidatura-independiente\/wp-content\/uploads\/2022\/09\/pdf.png\" alt=\"Descargar el Escrito de manistaci\u00f3n de intenci\u00f3n de ...\" width=\"128\" height=\"128\" class=\"alignnone size-full wp-image-145\" \/><\/a><\/td>\n<\/tr>\n<tr class=\"row-5 odd\">\n\t<td class=\"column-1\">4<\/td><td class=\"column-2\">Ana Elena Medina Pacheco<\/td><td class=\"column-3\"><a href=\"https:\/\/www.ieem.org.mx\/consejo_general\/cg\/2022\/AC_22\/a081_22.pdf\" rel=\"noopener\" target=\"_blank\">IEEM\/CG\/81\/2022<\/a><\/td><td class=\"column-4\">14\/12\/22<\/td><td class=\"column-5\"><a href=\"https:\/\/10.10.3.106\/candidatura-independiente\/wp-content\/uploads\/2022\/12\/4_Ana-Elena-Medina-Pacheco.pdf\" rel=\"noopener\" target=\"_blank\"><img loading=\"lazy\" decoding=\"async\" src=\"https:\/\/10.10.3.106\/candidatura-independiente\/wp-content\/uploads\/2022\/09\/pdf.png\" alt=\"Descargar el Escrito de manistaci\u00f3n de intenci\u00f3n de ...\" width=\"128\" height=\"128\" class=\"alignnone size-full wp-image-145\" \/><\/a><\/td>\n<\/tr>\n<tr class=\"row-6 even\">\n\t<td class=\"column-1\">5<\/td><td class=\"column-2\">Jos\u00e9 Adolfo Murat Mac\u00edas<\/td><td class=\"column-3\"><a href=\"https:\/\/www.ieem.org.mx\/consejo_general\/cg\/2023\/AC_23\/a022_23.pdf\" rel=\"noopener\" target=\"_blank\">IEEM\/CG\/22\/2023<\/a><\/td><td class=\"column-4\">02\/02\/2023<\/td><td class=\"column-5\"><a href=\"https:\/\/10.10.3.106\/candidatura-independiente\/wp-content\/uploads\/2023\/02\/5_Aviso_Jose_Adolfo_Murat_Macias.pdf\" rel=\"noopener\" target=\"_blank\"><img loading=\"lazy\" decoding=\"async\" src=\"https:\/\/10.10.3.106\/candidatura-independiente\/wp-content\/uploads\/2022\/09\/pdf.png\" alt=\"Descargar el Escrito de manistaci\u00f3n de intenci\u00f3n de ...\" width=\"128\" height=\"128\" class=\"alignnone size-full wp-image-145\" \/><\/a><\/td>\n<\/tr>\n<\/tbody>\n<\/table>\n<!-- #tablepress-6 from cache -->\n<\/div>\n<\/div>\n\n\n\n<br><br>\n\n\n\n<h3 class=\"has-text-align-left justificado has-medium-font-size wp-block-heading\">N\u00famero m\u00ednimo de apoyos de la ciudadan\u00eda que deber\u00e1n captar mediante la APLICACI\u00d3N M\u00d3VIL las personas aspirantes a una candidatura independiente en la Elecci\u00f3n de Gubernatura 2023, para dar cumplimiento a lo previsto en el art\u00edculo 99 del C\u00f3digo Electoral del Estado de M\u00e9xico<\/h3>\n\n\n\n<div class=\"wp-block-columns is-layout-flex wp-container-core-columns-is-layout-9d6595d7 wp-block-columns-is-layout-flex\">\n<div class=\"wp-block-column nota_sin is-layout-flow wp-block-column-is-layout-flow\">\n<br><br>\n\n\n\n<figure class=\"wp-block-table is-style-stripes\"><table class=\"has-black-color has-pale-pink-background-color has-text-color has-background\"><thead><tr><th class=\"has-text-align-center\" data-align=\"center\"><strong>Lista Nominal de Electores con corte al 31 de diciembre de 2022<\/strong><\/th><th class=\"has-text-align-center\" data-align=\"center\"><strong>C\u00e1lculo DEFINITIVO del 3% de la Lista Nominal de Electores<\/strong><\/th><\/tr><\/thead><tbody><tr><td class=\"has-text-align-center\" data-align=\"center\">12,565,315*<\/td><td class=\"has-text-align-center\" data-align=\"center\">376,960<\/td><\/tr><\/tbody><\/table><\/figure>\n\n\n\n<p style=\"font-size:10px\">*No se contabiliza la Lista de residentes en el extranjero.<\/p>\n\n\n\n<br><br>\n\n\n\n<p class=\"has-text-align-center nota has-white-color has-text-color has-background has-small-font-size\" style=\"background-color:#4e058b\">NOTA: La obtenci\u00f3n del apoyo de la ciudadan\u00eda deber\u00e1 acreditarse con ciudadanas y ciudadanos de por lo menos 64 municipios, que representen cuando menos el 1.5% de la lista nominal de electores de cada uno de ellos (DISPERSI\u00d3N).<\/p>\n<\/div>\n<\/div>\n","protected":false},"excerpt":{"rendered":"<p>Proceso de Selecci\u00f3n Listado de personas que obtuvieron la calidad de aspirantes a una candidatura [&hellip;]<\/p>\n","protected":false},"author":1,"featured_media":0,"parent":0,"menu_order":0,"comment_status":"closed","ping_status":"closed","template":"","meta":{"footnotes":""},"class_list":["post-16","page","type-page","status-publish","hentry"],"_links":{"self":[{"href":"https:\/\/sistemaselec.ieem.org.mx\/candidatura-independiente\/wp-json\/wp\/v2\/pages\/16","targetHints":{"allow":["GET"]}}],"collection":[{"href":"https:\/\/sistemaselec.ieem.org.mx\/candidatura-independiente\/wp-json\/wp\/v2\/pages"}],"about":[{"href":"https:\/\/sistemaselec.ieem.org.mx\/candidatura-independiente\/wp-json\/wp\/v2\/types\/page"}],"author":[{"embeddable":true,"href":"https:\/\/sistemaselec.ieem.org.mx\/candidatura-independiente\/wp-json\/wp\/v2\/users\/1"}],"replies":[{"embeddable":true,"href":"https:\/\/sistemaselec.ieem.org.mx\/candidatura-independiente\/wp-json\/wp\/v2\/comments?post=16"}],"version-history":[{"count":33,"href":"https:\/\/sistemaselec.ieem.org.mx\/candidatura-independiente\/wp-json\/wp\/v2\/pages\/16\/revisions"}],"predecessor-version":[{"id":439,"href":"https:\/\/sistemaselec.ieem.org.mx\/candidatura-independiente\/wp-json\/wp\/v2\/pages\/16\/revisions\/439"}],"wp:attachment":[{"href":"https:\/\/sistemaselec.ieem.org.mx\/candidatura-independiente\/wp-json\/wp\/v2\/media?parent=16"}],"curies":[{"name":"wp","href":"https:\/\/api.w.org\/{rel}","templated":true}]}}